{"id":354,"date":"2018-06-03T17:48:36","date_gmt":"2018-06-03T15:48:36","guid":{"rendered":"http:\/\/www.islandpferdedomaene-marienburg.de\/?page_id=354"},"modified":"2025-01-14T13:06:30","modified_gmt":"2025-01-14T12:06:30","slug":"datenschutzerklaerung","status":"publish","type":"page","link":"https:\/\/www.islandpferdedomaene-marienburg.de\/?page_id=354","title":{"rendered":"Datenschutzerkl\u00e4rung"},"content":{"rendered":"<p class=\"ff-6 break\"><strong><big>Datenschutzerkl\u00e4rung<\/big><\/strong><\/p>\n<p class=\"ff-6 break\"><strong>Anbieter und verantwortliche Stelle im Sinne des Datenschutzgesetzes<\/strong><\/p>\n<p class=\"ff-6 break\"><span id=\"s3-t-firma\">Islandpferdedom\u00e4ne-Marienburg<\/span><br \/>\n<span id=\"s3-t-ansprechpartner\">Kathrin Homeyer<\/span><br \/>\n<span id=\"s3-t-strasse\">Dom\u00e4nenstr.59<\/span><br \/>\n<span id=\"s3-t-plz\">31141 Hildesheim<\/span><span id=\"s3-t-ort\"><\/span><\/p>\n<p class=\"ff-6 break\"><strong>Geltungsbereich<\/strong><\/p>\n<p class=\"ff-6 break\">Nutzer erhalten mit dieser Datenschutzerkl\u00e4rung Information \u00fcber die Art, den Umfang und Zweck der Erhebung und Verwendung ihrer Daten durch den verantwortlichen Anbieter erhoben und verwendet werden.<\/p>\n<p class=\"ff-6 break\">Den rechtlichen Rahmen f\u00fcr den Datenschutz bilden das Bundesdatenschutzgesetz (BDSG) und das Telemediengesetz (TMG).<\/p>\n<p class=\"ff-6 break\"><strong>Erfassung allgemeiner Informationen<\/strong><\/p>\n<p class=\"ff-6 break\">Mit jedem Zugriff auf dieses Angebot werden durch uns bzw. den Webspace-Provider automatisch Informationen erfasst. Diese Informationen, auch als Server-Logfiles bezeichnet, sind allgemeiner Natur und erlauben keine R\u00fcckschl\u00fcsse auf Ihre Person.<\/p>\n<p class=\"ff-6 break\">Erfasst werden unter anderem: Name der Webseite, Datei, Datum, Datenmenge, Webbrowser und Webbrowser-Version, Betriebssystem, der Domainname Ihres Internet-Providers, die sogenannte Referrer-URL (jene Seite, von der aus Sie auf unser Angebot zugegriffen haben) und die IP-Adresse.<\/p>\n<p class=\"ff-6 break\">Ohne diese Daten w\u00e4re es technisch teils nicht m\u00f6glich, die Inhalte der Webseite auszuliefern und darzustellen. Insofern ist die Erfassung der Daten zwingend notwendig. Dar\u00fcber hinaus verwenden wir die anonymen Informationen f\u00fcr statistische Zwecke. Sie helfen uns bei der Optimierung des Angebots und der Technik. Wir behalten uns zudem das Recht vor, die Log-Files bei Verdacht auf eine rechtswidrige Nutzung unseres Angebotes nachtr\u00e4glich zu kontrollieren.<a class=\"anchor\" name=\"1\"><\/a><\/p>\n<div id=\"kseMod-1007-1\" class=\"kseMod kseModText\">\n<div>\n<div class=\"fullwidth kseFormattedText\">\n<p class=\"ff-6 break\">\n<p class=\"ff-6 break\">\n<p class=\"ff-6 break\"><strong>Kontaktformular<\/strong><\/p>\n<p class=\"ff-6 break\">Wenn Sie uns \u00fcber das Onlineformular oder per E-Mail kontaktieren, speichern wir die von Ihnen gemachten Angaben, um Ihre Anfrage beantworten und m\u00f6gliche Anschlussfragen stellen zu k\u00f6nnen.<\/p>\n<div id=\"kseMod-1007-1\" class=\"kseMod kseModText\">\n<div>\n<div class=\"fullwidth kseFormattedText\">\n<p class=\"ff-6 break\"><strong>Datensparsamkeit<\/strong><\/p>\n<p class=\"ff-6 break\">Personenbezogene Daten speichern wir gem\u00e4\u00df den Grunds\u00e4tzen der Datenvermeidung und Datensparsamkeit nur so lange, wie es erforderlich ist oder vom Gesetzgeber her vorgeschrieben wird (gesetzliche Speicherfrist). Entf\u00e4llt der Zweck der erhobenen Informationen oder endet die Speicherfrist, sperren oder l\u00f6schen wir die Daten.<\/p>\n<p class=\"ff-6 break\"><strong>Ihre Rechte auf Auskunft, Berichtigung, Sperre, L\u00f6schung und Widerspruch<\/strong><\/p>\n<p class=\"ff-6 break\">Sie haben das Recht, auf Antrag unentgeltlich eine Auskunft, \u00fcber die bei uns gespeicherten personenbezogenen Daten, anzufordern und\/oder eine Berichtigung, Sperrung oder L\u00f6schung zu verlangen. Ausnahmen: Es handelt sich um die vorgeschriebene Datenspeicherung zur Gesch\u00e4ftsabwicklung oder die Daten unterliegen der gesetzlichen Aufbewahrungspflicht.<\/p>\n<p class=\"ff-6 break\">Um eine Datensperre jederzeit ber\u00fccksichtigen zu k\u00f6nnen, ist es erforderlich, die Daten f\u00fcr Kontrollzwecke in einer Sperrdatei vorzuhalten. Besteht keine gesetzliche Archivierungspflicht, k\u00f6nnen Sie auch die L\u00f6schung der Daten verlangen. Anderenfalls sperren wir die Daten, sofern Sie dies w\u00fcnschen.<\/p>\n<p class=\"ff-6 break\"><strong>\u00c4nderung unserer Datenschutzerkl\u00e4rung<\/strong><\/p>\n<p class=\"ff-6 break\">Um zu gew\u00e4hrleisten, dass unsere Datenschutzerkl\u00e4rung stets den aktuellen gesetzlichen Vorgaben entspricht, behalten wir uns jederzeit \u00c4nderungen vor. Das gilt auch f\u00fcr den Fall, dass die Datenschutzerkl\u00e4rung aufgrund neuer oder \u00fcberarbeiteter Leistungen, zum Beispiel neuer Serviceleistungen, angepasst werden muss. Die neue Datenschutzerkl\u00e4rung greift dann bei Ihrem n\u00e4chsten Besuch auf unserem Angebot.<\/p>\n<p class=\"ff-6 break\">\n<p class=\"ff-6 break\"><small>Quelle: Datenschutz-Konfigurator von <a href=\"http:\/\/www.mein-datenschutzbeauftragter.de\" target=\"_blank\" rel=\"noopener\">mein-datenschutzbeauftragter.de<\/a><\/small><\/p>\n<\/div>\n<\/div>\n<\/div>\n<div class=\"kseElemSpace h25px\"><\/div>\n<\/div>\n<\/div>\n<\/div>\n","protected":false},"excerpt":{"rendered":"<p>Datenschutzerkl\u00e4rung Anbieter und verantwortliche Stelle im Sinne des Datenschutzgesetzes Islandpferdedom\u00e4ne-Marienburg Kathrin Homeyer Dom\u00e4nenstr.59 31141 Hildesheim Geltungsbereich Nutzer erhalten mit dieser Datenschutzerkl\u00e4rung Information \u00fcber die Art, den Umfang und Zweck der Erhebung und Verwendung ihrer Daten durch den verantwortlichen Anbieter erhoben &hellip; <a href=\"https:\/\/www.islandpferdedomaene-marienburg.de\/?page_id=354\">Weiterlesen <span class=\"meta-nav\">&rarr;<\/span><\/a><\/p>\n","protected":false},"author":1,"featured_media":0,"parent":0,"menu_order":0,"comment_status":"closed","ping_status":"closed","template":"","meta":{"footnotes":""},"_links":{"self":[{"href":"https:\/\/www.islandpferdedomaene-marienburg.de\/index.php?rest_route=\/wp\/v2\/pages\/354"}],"collection":[{"href":"https:\/\/www.islandpferdedomaene-marienburg.de\/index.php?rest_route=\/wp\/v2\/pages"}],"about":[{"href":"https:\/\/www.islandpferdedomaene-marienburg.de\/index.php?rest_route=\/wp\/v2\/types\/page"}],"author":[{"embeddable":true,"href":"https:\/\/www.islandpferdedomaene-marienburg.de\/index.php?rest_route=\/wp\/v2\/users\/1"}],"replies":[{"embeddable":true,"href":"https:\/\/www.islandpferdedomaene-marienburg.de\/index.php?rest_route=%2Fwp%2Fv2%2Fcomments&post=354"}],"version-history":[{"count":4,"href":"https:\/\/www.islandpferdedomaene-marienburg.de\/index.php?rest_route=\/wp\/v2\/pages\/354\/revisions"}],"predecessor-version":[{"id":478,"href":"https:\/\/www.islandpferdedomaene-marienburg.de\/index.php?rest_route=\/wp\/v2\/pages\/354\/revisions\/478"}],"wp:attachment":[{"href":"https:\/\/www.islandpferdedomaene-marienburg.de\/index.php?rest_route=%2Fwp%2Fv2%2Fmedia&parent=354"}],"curies":[{"name":"wp","href":"https:\/\/api.w.org\/{rel}","templated":true}]}}